{"id":1475,"date":"2011-04-19T22:39:57","date_gmt":"2011-04-19T20:39:57","guid":{"rendered":"http:\/\/blog.gam-essen.de\/?page_id=1475"},"modified":"2023-10-11T17:52:44","modified_gmt":"2023-10-11T15:52:44","slug":"paas","status":"publish","type":"page","link":"http:\/\/relaunch2024.galerie-obrist.de\/en\/artists\/paas\/","title":{"rendered":"J\u00fcrgen Paas"},"content":{"rendered":"<p><b>WORKS<\/b><\/p>\n<div class=\"woocommerce columns-4 \"><div class=\"woocommerce-notices-wrapper\"><\/div><p class=\"woocommerce-result-count\">\n\tShowing 1&ndash;8 of 70 results<\/p>\n<form class=\"woocommerce-ordering\" method=\"get\">\n\t<select name=\"orderby\" class=\"orderby\" aria-label=\"Shop order\">\n\t\t\t\t\t<option value=\"menu_order\"  selected='selected'>Default sorting<\/option>\n\t\t\t\t\t<option value=\"popularity\" >Sort by popularity<\/option>\n\t\t\t\t\t<option value=\"date\" >Sort by latest<\/option>\n\t\t\t\t\t<option value=\"price\" >Sort by price: low to high<\/option>\n\t\t\t\t\t<option value=\"price-desc\" >Sort by price: high to low<\/option>\n\t\t\t<\/select>\n\t<input type=\"hidden\" name=\"paged\" value=\"1\" \/>\n\t<\/form>\n<ul class=\"products columns-4\">\n<li class=\"product type-product post-13933 status-publish first instock product_cat-malerei product_cat-luxembourg-art-week-2023 product_tag-juergen-paas has-post-thumbnail product-type-simple\">\n\t<a href=\"http:\/\/relaunch2024.galerie-obrist.de\/en\/produkt\/juergen-paas-jukebox-265\/\" class=\"woocommerce-LoopProduct-link woocommerce-loop-product__link\"><img loading=\"lazy\" decoding=\"async\" width=\"300\" height=\"300\" src=\"http:\/\/relaunch2024.galerie-obrist.de\/wp-content\/uploads\/2023\/11\/6973-300x300.jpg\" class=\"attachment-woocommerce_thumbnail size-woocommerce_thumbnail\" alt=\"\" srcset=\"http:\/\/relaunch2024.galerie-obrist.de\/wp-content\/uploads\/2023\/11\/6973-300x300.jpg 300w, http:\/\/relaunch2024.galerie-obrist.de\/wp-content\/uploads\/2023\/11\/6973-150x150.jpg 150w, http:\/\/relaunch2024.galerie-obrist.de\/wp-content\/uploads\/2023\/11\/6973-100x100.jpg 100w, http:\/\/relaunch2024.galerie-obrist.de\/wp-content\/uploads\/2023\/11\/6973-800x800.jpg 800w\" sizes=\"100vw\" \/><h2 class=\"woocommerce-loop-product__title\">J\u00fcrgen Paas: JUKEBOX (265)<\/h2>\n\t<span class=\"price\"><strong>Call +49 201 72 66 203 for price & availability<\/strong><\/span>\n\n\n\n<\/a>\n<a href=\"http:\/\/relaunch2024.galerie-obrist.de\/en\/produkt\/juergen-paas-jukebox-265\/\" class=\"button product_type_simple\">Details<\/a><\/li>\n<li class=\"product type-product post-13930 status-publish instock product_cat-malerei product_cat-luxembourg-art-week-2023 product_tag-juergen-paas has-post-thumbnail product-type-simple\">\n\t<a href=\"http:\/\/relaunch2024.galerie-obrist.de\/en\/produkt\/juergen-paas-jukebox-261\/\" class=\"woocommerce-LoopProduct-link woocommerce-loop-product__link\"><img loading=\"lazy\" decoding=\"async\" width=\"300\" height=\"300\" src=\"http:\/\/relaunch2024.galerie-obrist.de\/wp-content\/uploads\/2023\/11\/6972-300x300.jpg\" class=\"attachment-woocommerce_thumbnail size-woocommerce_thumbnail\" alt=\"\" srcset=\"http:\/\/relaunch2024.galerie-obrist.de\/wp-content\/uploads\/2023\/11\/6972-300x300.jpg 300w, http:\/\/relaunch2024.galerie-obrist.de\/wp-content\/uploads\/2023\/11\/6972-150x150.jpg 150w, http:\/\/relaunch2024.galerie-obrist.de\/wp-content\/uploads\/2023\/11\/6972-100x100.jpg 100w, http:\/\/relaunch2024.galerie-obrist.de\/wp-content\/uploads\/2023\/11\/6972-800x800.jpg 800w\" sizes=\"100vw\" \/><h2 class=\"woocommerce-loop-product__title\">J\u00fcrgen Paas: JUKEBOX (261)<\/h2>\n\t<span class=\"price\"><strong>Call +49 201 72 66 203 for price & availability<\/strong><\/span>\n\n\n\n<\/a>\n<a href=\"http:\/\/relaunch2024.galerie-obrist.de\/en\/produkt\/juergen-paas-jukebox-261\/\" class=\"button product_type_simple\">Details<\/a><\/li>\n<li class=\"product type-product post-13925 status-publish instock product_cat-malerei product_cat-luxembourg-art-week-2023 product_tag-juergen-paas has-post-thumbnail product-type-simple\">\n\t<a href=\"http:\/\/relaunch2024.galerie-obrist.de\/en\/produkt\/juergen-paas-jukebox-255\/\" class=\"woocommerce-LoopProduct-link woocommerce-loop-product__link\"><img loading=\"lazy\" decoding=\"async\" width=\"300\" height=\"300\" src=\"http:\/\/relaunch2024.galerie-obrist.de\/wp-content\/uploads\/2023\/11\/6971-300x300.jpg\" class=\"attachment-woocommerce_thumbnail size-woocommerce_thumbnail\" alt=\"\" srcset=\"http:\/\/relaunch2024.galerie-obrist.de\/wp-content\/uploads\/2023\/11\/6971-300x300.jpg 300w, http:\/\/relaunch2024.galerie-obrist.de\/wp-content\/uploads\/2023\/11\/6971-150x150.jpg 150w, http:\/\/relaunch2024.galerie-obrist.de\/wp-content\/uploads\/2023\/11\/6971-100x100.jpg 100w, http:\/\/relaunch2024.galerie-obrist.de\/wp-content\/uploads\/2023\/11\/6971-800x800.jpg 800w\" sizes=\"100vw\" \/><h2 class=\"woocommerce-loop-product__title\">J\u00fcrgen Paas: JUKEBOX (255)<\/h2>\n\t<span class=\"price\"><strong>Call +49 201 72 66 203 for price & availability<\/strong><\/span>\n\n\n\n<\/a>\n<a href=\"http:\/\/relaunch2024.galerie-obrist.de\/en\/produkt\/juergen-paas-jukebox-255\/\" class=\"button product_type_simple\">Details<\/a><\/li>\n<li class=\"product type-product post-13739 status-publish last instock product_cat-artkarlsruhe2024 product_cat-malerei product_cat-irritation-wt23 product_cat-paas2023 product_tag-juergen-paas has-post-thumbnail product-type-simple\">\n\t<a href=\"http:\/\/relaunch2024.galerie-obrist.de\/en\/produkt\/juergen-paas-jukebox-302\/\" class=\"woocommerce-LoopProduct-link woocommerce-loop-product__link\"><img loading=\"lazy\" decoding=\"async\" width=\"300\" height=\"300\" src=\"http:\/\/relaunch2024.galerie-obrist.de\/wp-content\/uploads\/2023\/10\/6965-300x300.jpg\" class=\"attachment-woocommerce_thumbnail size-woocommerce_thumbnail\" alt=\"\" srcset=\"http:\/\/relaunch2024.galerie-obrist.de\/wp-content\/uploads\/2023\/10\/6965-300x300.jpg 300w, http:\/\/relaunch2024.galerie-obrist.de\/wp-content\/uploads\/2023\/10\/6965-1024x1024.jpg 1024w, http:\/\/relaunch2024.galerie-obrist.de\/wp-content\/uploads\/2023\/10\/6965-150x150.jpg 150w, http:\/\/relaunch2024.galerie-obrist.de\/wp-content\/uploads\/2023\/10\/6965-768x768.jpg 768w, http:\/\/relaunch2024.galerie-obrist.de\/wp-content\/uploads\/2023\/10\/6965-600x600.jpg 600w, http:\/\/relaunch2024.galerie-obrist.de\/wp-content\/uploads\/2023\/10\/6965-100x100.jpg 100w, http:\/\/relaunch2024.galerie-obrist.de\/wp-content\/uploads\/2023\/10\/6965-800x800.jpg 800w, http:\/\/relaunch2024.galerie-obrist.de\/wp-content\/uploads\/2023\/10\/6965.jpg 1200w\" sizes=\"100vw\" \/><h2 class=\"woocommerce-loop-product__title\">J\u00fcrgen Paas: JUKEBOX (302)<\/h2>\n\t<span class=\"price\"><strong>Call +49 201 72 66 203 for price & availability<\/strong><\/span>\n\n\n\n<\/a>\n<a href=\"http:\/\/relaunch2024.galerie-obrist.de\/en\/produkt\/juergen-paas-jukebox-302\/\" class=\"button product_type_simple\">Details<\/a><\/li>\n<li class=\"product type-product post-13736 status-publish first instock product_cat-artkarlsruhe2024 product_cat-malerei product_cat-irritation-wt23 product_cat-paas2023 product_tag-juergen-paas has-post-thumbnail product-type-simple\">\n\t<a href=\"http:\/\/relaunch2024.galerie-obrist.de\/en\/produkt\/juergen-paas-jukebox-316\/\" class=\"woocommerce-LoopProduct-link woocommerce-loop-product__link\"><img loading=\"lazy\" decoding=\"async\" width=\"300\" height=\"300\" src=\"http:\/\/relaunch2024.galerie-obrist.de\/wp-content\/uploads\/2023\/10\/6966-300x300.jpg\" class=\"attachment-woocommerce_thumbnail size-woocommerce_thumbnail\" alt=\"\" srcset=\"http:\/\/relaunch2024.galerie-obrist.de\/wp-content\/uploads\/2023\/10\/6966-300x300.jpg 300w, http:\/\/relaunch2024.galerie-obrist.de\/wp-content\/uploads\/2023\/10\/6966-1024x1024.jpg 1024w, http:\/\/relaunch2024.galerie-obrist.de\/wp-content\/uploads\/2023\/10\/6966-150x150.jpg 150w, http:\/\/relaunch2024.galerie-obrist.de\/wp-content\/uploads\/2023\/10\/6966-768x768.jpg 768w, http:\/\/relaunch2024.galerie-obrist.de\/wp-content\/uploads\/2023\/10\/6966-600x600.jpg 600w, http:\/\/relaunch2024.galerie-obrist.de\/wp-content\/uploads\/2023\/10\/6966-100x100.jpg 100w, http:\/\/relaunch2024.galerie-obrist.de\/wp-content\/uploads\/2023\/10\/6966-800x800.jpg 800w, http:\/\/relaunch2024.galerie-obrist.de\/wp-content\/uploads\/2023\/10\/6966.jpg 1200w\" sizes=\"100vw\" \/><h2 class=\"woocommerce-loop-product__title\">J\u00fcrgen Paas: JUKEBOX (316)<\/h2>\n\t<span class=\"price\"><strong>Call +49 201 72 66 203 for price & availability<\/strong><\/span>\n\n\n\n<\/a>\n<a href=\"http:\/\/relaunch2024.galerie-obrist.de\/en\/produkt\/juergen-paas-jukebox-316\/\" class=\"button product_type_simple\">Details<\/a><\/li>\n<li class=\"product type-product post-13748 status-publish instock product_cat-artkarlsruhe2024 product_cat-malerei product_cat-paas2023 product_tag-juergen-paas has-post-thumbnail product-type-simple\">\n\t<a href=\"http:\/\/relaunch2024.galerie-obrist.de\/en\/produkt\/juergen-paas-jukebox-270\/\" class=\"woocommerce-LoopProduct-link woocommerce-loop-product__link\"><img loading=\"lazy\" decoding=\"async\" width=\"300\" height=\"300\" src=\"http:\/\/relaunch2024.galerie-obrist.de\/wp-content\/uploads\/2023\/10\/6961-300x300.jpg\" class=\"attachment-woocommerce_thumbnail size-woocommerce_thumbnail\" alt=\"\" srcset=\"http:\/\/relaunch2024.galerie-obrist.de\/wp-content\/uploads\/2023\/10\/6961-300x300.jpg 300w, http:\/\/relaunch2024.galerie-obrist.de\/wp-content\/uploads\/2023\/10\/6961-1024x1024.jpg 1024w, http:\/\/relaunch2024.galerie-obrist.de\/wp-content\/uploads\/2023\/10\/6961-150x150.jpg 150w, http:\/\/relaunch2024.galerie-obrist.de\/wp-content\/uploads\/2023\/10\/6961-768x768.jpg 768w, http:\/\/relaunch2024.galerie-obrist.de\/wp-content\/uploads\/2023\/10\/6961-600x600.jpg 600w, http:\/\/relaunch2024.galerie-obrist.de\/wp-content\/uploads\/2023\/10\/6961-100x100.jpg 100w, http:\/\/relaunch2024.galerie-obrist.de\/wp-content\/uploads\/2023\/10\/6961-800x800.jpg 800w, http:\/\/relaunch2024.galerie-obrist.de\/wp-content\/uploads\/2023\/10\/6961.jpg 1200w\" sizes=\"100vw\" \/><h2 class=\"woocommerce-loop-product__title\">J\u00fcrgen Paas: JUKEBOX (270)<\/h2>\n\t<span class=\"price\"><strong>Call +49 201 72 66 203 for price & availability<\/strong><\/span>\n\n\n\n<\/a>\n<a href=\"http:\/\/relaunch2024.galerie-obrist.de\/en\/produkt\/juergen-paas-jukebox-270\/\" class=\"button product_type_simple\">Details<\/a><\/li>\n<li class=\"product type-product post-13759 status-publish instock product_cat-malerei product_cat-paas2023 product_tag-juergen-paas has-post-thumbnail product-type-simple\">\n\t<a href=\"http:\/\/relaunch2024.galerie-obrist.de\/en\/produkt\/juergen-paas-archiv-farben-rot-2\/\" class=\"woocommerce-LoopProduct-link woocommerce-loop-product__link\"><img loading=\"lazy\" decoding=\"async\" width=\"300\" height=\"300\" src=\"http:\/\/relaunch2024.galerie-obrist.de\/wp-content\/uploads\/2023\/10\/6071-300x300.jpg\" class=\"attachment-woocommerce_thumbnail size-woocommerce_thumbnail\" alt=\"\" srcset=\"http:\/\/relaunch2024.galerie-obrist.de\/wp-content\/uploads\/2023\/10\/6071-300x300.jpg 300w, http:\/\/relaunch2024.galerie-obrist.de\/wp-content\/uploads\/2023\/10\/6071-1024x1024.jpg 1024w, http:\/\/relaunch2024.galerie-obrist.de\/wp-content\/uploads\/2023\/10\/6071-150x150.jpg 150w, http:\/\/relaunch2024.galerie-obrist.de\/wp-content\/uploads\/2023\/10\/6071-768x768.jpg 768w, http:\/\/relaunch2024.galerie-obrist.de\/wp-content\/uploads\/2023\/10\/6071-600x600.jpg 600w, http:\/\/relaunch2024.galerie-obrist.de\/wp-content\/uploads\/2023\/10\/6071-100x100.jpg 100w, http:\/\/relaunch2024.galerie-obrist.de\/wp-content\/uploads\/2023\/10\/6071-800x800.jpg 800w, http:\/\/relaunch2024.galerie-obrist.de\/wp-content\/uploads\/2023\/10\/6071.jpg 1200w\" sizes=\"100vw\" \/><h2 class=\"woocommerce-loop-product__title\">J\u00fcrgen Paas: ARCHIV FARBEN (rot)<\/h2>\n\t<span class=\"price\"><strong>Call +49 201 72 66 203 for price & availability<\/strong><\/span>\n\n\n\n<\/a>\n<a href=\"http:\/\/relaunch2024.galerie-obrist.de\/en\/produkt\/juergen-paas-archiv-farben-rot-2\/\" class=\"button product_type_simple\">Details<\/a><\/li>\n<li class=\"product type-product post-13754 status-publish last instock product_cat-malerei product_cat-paas2023 product_tag-juergen-paas has-post-thumbnail product-type-simple\">\n\t<a href=\"http:\/\/relaunch2024.galerie-obrist.de\/en\/produkt\/juergen-paas-jukebox-172\/\" class=\"woocommerce-LoopProduct-link woocommerce-loop-product__link\"><img loading=\"lazy\" decoding=\"async\" width=\"300\" height=\"300\" src=\"http:\/\/relaunch2024.galerie-obrist.de\/wp-content\/uploads\/2023\/10\/6963-300x300.jpg\" class=\"attachment-woocommerce_thumbnail size-woocommerce_thumbnail\" alt=\"\" srcset=\"http:\/\/relaunch2024.galerie-obrist.de\/wp-content\/uploads\/2023\/10\/6963-300x300.jpg 300w, http:\/\/relaunch2024.galerie-obrist.de\/wp-content\/uploads\/2023\/10\/6963-1024x1024.jpg 1024w, http:\/\/relaunch2024.galerie-obrist.de\/wp-content\/uploads\/2023\/10\/6963-150x150.jpg 150w, http:\/\/relaunch2024.galerie-obrist.de\/wp-content\/uploads\/2023\/10\/6963-768x768.jpg 768w, http:\/\/relaunch2024.galerie-obrist.de\/wp-content\/uploads\/2023\/10\/6963-600x600.jpg 600w, http:\/\/relaunch2024.galerie-obrist.de\/wp-content\/uploads\/2023\/10\/6963-100x100.jpg 100w, http:\/\/relaunch2024.galerie-obrist.de\/wp-content\/uploads\/2023\/10\/6963-800x800.jpg 800w, http:\/\/relaunch2024.galerie-obrist.de\/wp-content\/uploads\/2023\/10\/6963.jpg 1200w\" sizes=\"100vw\" \/><h2 class=\"woocommerce-loop-product__title\">J\u00fcrgen Paas: JUKEBOX (172)<\/h2>\n\t<span class=\"price\"><strong>Call +49 201 72 66 203 for price & availability<\/strong><\/span>\n\n\n\n<\/a>\n<a href=\"http:\/\/relaunch2024.galerie-obrist.de\/en\/produkt\/juergen-paas-jukebox-172\/\" class=\"button product_type_simple\">Details<\/a><\/li>\n<\/ul>\n<nav class=\"woocommerce-pagination\">\n\t<ul class='page-numbers'>\n\t<li><span aria-current=\"page\" class=\"page-numbers current\">1<\/span><\/li>\n\t<li><a class=\"page-numbers\" href=\"\/en\/wp-json\/wp\/v2\/pages\/1475?product-page=2\">2<\/a><\/li>\n\t<li><a class=\"page-numbers\" href=\"\/en\/wp-json\/wp\/v2\/pages\/1475?product-page=3\">3<\/a><\/li>\n\t<li><a class=\"page-numbers\" href=\"\/en\/wp-json\/wp\/v2\/pages\/1475?product-page=4\">4<\/a><\/li>\n\t<li><span class=\"page-numbers dots\">&hellip;<\/span><\/li>\n\t<li><a class=\"page-numbers\" href=\"\/en\/wp-json\/wp\/v2\/pages\/1475?product-page=7\">7<\/a><\/li>\n\t<li><a class=\"page-numbers\" href=\"\/en\/wp-json\/wp\/v2\/pages\/1475?product-page=8\">8<\/a><\/li>\n\t<li><a class=\"page-numbers\" href=\"\/en\/wp-json\/wp\/v2\/pages\/1475?product-page=9\">9<\/a><\/li>\n\t<li><a class=\"next page-numbers\" href=\"\/en\/wp-json\/wp\/v2\/pages\/1475?product-page=2\">&rarr;<\/a><\/li>\n<\/ul>\n<\/nav>\n<\/div>\n<p>EXHIBITIONS<br \/>\n<!-- Page-list plugin v.5.6 wordpress.org\/plugins\/page-list\/ -->\n<ul class=\"page-list \">\n<li class=\"page_item page-item-13707\"><a href=\"http:\/\/relaunch2024.galerie-obrist.de\/en\/artists\/paas\/paas2023\/\">J\u00fcrgen Paas. NEON (2023)<\/a><\/li>\n<li class=\"page_item page-item-11815\"><a href=\"http:\/\/relaunch2024.galerie-obrist.de\/en\/artists\/paas\/paas2021\/\">J\u00fcrgen Paas. United Colours (2021)<\/a><\/li>\n<li class=\"page_item page-item-9788\"><a href=\"http:\/\/relaunch2024.galerie-obrist.de\/en\/artists\/paas\/paas2019\/\">J\u00fcrgen Paas &#8211; Plaste &#038; Elaste (2019)<\/a><\/li>\n<li class=\"page_item page-item-5651\"><a href=\"http:\/\/relaunch2024.galerie-obrist.de\/en\/artists\/paas\/paas2017\/\">J\u00fcrgen Paas &#8211; Jukebox (2017)<\/a><\/li>\n<li class=\"page_item page-item-4678\"><a href=\"http:\/\/relaunch2024.galerie-obrist.de\/en\/artists\/paas\/paas2015\/\">J\u00fcrgen Paas &#8211; BlinkyBlinky (2015)<\/a><\/li>\n<li class=\"page_item page-item-3795\"><a href=\"http:\/\/relaunch2024.galerie-obrist.de\/en\/artists\/paas\/paas2014\/\">EDGES &#8211; Bodo Korsig, J\u00fcrgen Paas, Dirk Salz (2014)<\/a><\/li>\n<li class=\"page_item page-item-3037\"><a href=\"http:\/\/relaunch2024.galerie-obrist.de\/en\/artists\/paas\/paas2013\/\">J\u00fcrgen Paas: SPUTNIK I and II (2013)<\/a><\/li>\n<li class=\"page_item page-item-2704\"><a href=\"http:\/\/relaunch2024.galerie-obrist.de\/en\/artists\/paas\/paas2011\/\">J\u00fcrgen Paas: POPPLANET (2011)<\/a><\/li>\n\n<\/ul><\/p>\n<p><b>CV<\/b><\/p>\n<p>J\u00fcrgen Paas<br \/>\n1958 born in Krefeld, lives and works in Essen, Germany<\/span><\/p>\n<p><span lang=\"en-us\">1981 \u2013 87 Studies at Hochschule Essen with L\u00e1szl\u00f3 Lakner, Rudolf Vombeck and Franz Rudolf Knubel<br \/>\n1991 \u2013 92 Studium an der \u00c9cole Nationale Sup\u00e9rieure des Beaux-Arts, Paris<br \/>\n2001 Teacher for painting at the Institut f\u00fcr Kunst und ihre Didaktik at University Dortmund<br \/>\n1995 \u2013 2002 Teacher for Bildnerische Experimente at the Hochschule Essen<br \/>\n2002 \u2013 03 Professor for painting at the Institut f\u00fcr Kunst und ihre Theorie at University Cologne<\/span><\/p>\n<p><span lang=\"de\">AWARDS AND SCHOLARSHIPS<\/span><\/p>\n<p><span lang=\"en-us\">1989 Arbeitsstipendium des Deutsch-Franz\u00f6sischen Jugendwerks<br \/>\n1991 \u2013 92 DAAD \u2013 Jahresstipendium, Frankreich<br \/>\n1992 Malerei \u2013 Preis der Ursula-Bickle-Stiftung, Kraichtal und Wien<br \/>\n1996 Stipendium der Studienstiftung des Deutschen Volkes f\u00fcr das Studienzentrum Venedig<br \/>\n1997 TRANSFER \u2013 Stipendium des Landes NRW<br \/>\n1999 Stiftung Cit\u00e9 International des Arts, Paris<br \/>\n2000 Formprinzip Farbe \u2013 Preis der Volksbank Gelsenkirchen f\u00fcr Malerei<br \/>\n2005 Arbeitsstipendium Hooksiel<br \/>\n2006 Sickingen Kunstpreis \u2013 Preis des Landkreises Kaiserslautern f\u00fcr Malerei<br \/>\n2012 Arbeitsstipendium des Landes Mecklenburg-Vorpommern<\/span><\/p>\n<p>SOLO EXHIBITIONS<\/p>\n<p>2023<br \/>\nNEON, Galerie Obrist, Essen<\/p>\n<p>2022<br \/>\nMINIMAL 1 (w. Bodo Korsig u. Hans Sch\u00fcle), Galerie KunstKontor, N\u00fcrnberg<br \/>\nPRIME TIME (w. Willi Siber), Stern-Wywiol Galerie, Hamburg<br \/>\nBLURB!, Kunstverein W\u00fcrzburg<br \/>\nCOLLECTORS LOUNGE, Galerie Obrist, Essen<br \/>\nCROMATIC PERSPECTIVE (w. Wolfgang Flad u. Hans Kotter), Kunstraum Villa Friede, Bonn-Mehlem<br \/>\nPLAY OF COLORS, DEJI ART MUSEUM, NANJING (CHINA)<br \/>\nREBOOT (w. Bodo Korsig), GPLCONTEMPORARY, VIENNA (\u00d6STERREICH)<\/p>\n<p>2021<br \/>\nUnited Colours, Galerie Obrist, Essen<br \/>\nConey Island Baby, Galerie Bernd Lausberg, Du\u0308sseldorf<br \/>\nCROSS OVER III, (w. Peter Schl\u00f6r) FORYOUANDYOURCUSTOMERS, Essen<br \/>\nCRUNCH TIME, (w. Dirk Salz) Heitsch Gallery, M\u00fcnchen<\/p>\n<p>2020<br \/>\nVERTIGO, Galerie Robert Drees Hannover<br \/>\nCROSS OVER II, (m. Peter Schl\u00f6r) FORYOUANDYOURCUSTOMERS, Essen<br \/>\nWALK THE LINE, GPLcontemporary, Vienna (Austria)<br \/>\nConcerto, +BASEMENT GALLERY, Essen<\/p>\n<p>2019<br \/>\nPlaste &#038; Elaste, Galerie Obrist, Essen*<br \/>\nNeue Galerie Landshut*<br \/>\nHeitschi Gallery, M\u00fcnchen*<br \/>\nStern-Wywiol Galerie, Hamburg*<br \/>\nKunsthaus Rehau*<br \/>\nKunststation Kleinsassen*<\/p>\n<p>2018<br \/>\nWONDERWHEEL, Galerie Bernd A. Lausberg, D\u00fcsseldorf*<br \/>\nCOLDPLAY (w. Ottmar H\u00f6rl), SCHMALFUSS BERLIN CONTEMPORARY FINE ART*<br \/>\nTARGET&#038;JUKEBOX, Kunstverein Region Heinsberg* <br \/>\nReflected Light \u2013 Broken colors, HEITSCH GALLERY, M\u00fcnchen*<br \/>\nJUKEBOX.Reloaded, Mannheimer Kunstverein* <br \/>\n\u2013ZWEI\u2013 (w. Reiner Seliger), Galerie Linde Hollinger, Ladenburg*<br \/>\nIn the Material (w. J\u00fcrgen Jansen), GALERIE MICHAEL W. SCHMALFUSS, Marburg*<\/p>\n<p>2017<br \/>\nJUKEBOX, Galerie Obrist, Essen*<br \/>\nDer bewegte Moment (w. Michael Ecker u. Erwin Herbst), Kunstverein Bad Nauheim<br \/>\nUnder Construction, FORYOUANDYOURCUSTOMERS, Amsterdam (NL)<br \/>\nBASEMENT, Galerie Obrist, Essen<br \/>\nFarbrausch (m. Dieter Balzer u. Willi Siber), Stern-Wywiol Galerie, Hamburg<\/p>\n<p>2016<br \/>\nFlashback, KUNSTRAUMNO.10, M\u00f6nchengladbach*<br \/>\nTargets, Galerie Peithner-Lichtenfels, Wien<br \/>\nExpect the unexpected (m. B. Korsig), Galerie Schmalfuss, Berlin<br \/>\nScreenshots, Galerie Bernd A. Lausberg, D\u00fcsseldorf<br \/>\nSoundmix, FORYOUANDYOURCUSTOMERS, D\u00fcsseldorf<br \/>\nFarewell&#8230; , (m. L. Grave), ZWEIGSTELLE BERLIN<br \/>\n2015<br \/>\nHULLAHOOP, Stern-Wywiol Galerie, Hamburg*<br \/>\nBlinkyBlinky, Galerie Obrist, Essen<br \/>\nMinimals (m. V. Hulik u. R. Roy), Galerie Linde Hollinger, Ladenburg<br \/>\nSpring, Galerie Wolfrum, Wien<br \/>\n2014<br \/>\nSoundtracks, A | B | Contemporary Armin Berger Gallery, Z\u00fcrich<br \/>\nMinimale Signale, Villa Stahmer, Georgsmarienh\u00fctte<br \/>\nBlack Square Series, Ey-5, Galerie Obrist, D\u00fcsseldorf*<br \/>\nRed Disk &#8211; Black Book, Galerie Peithner Lichtenfels, Wien<br \/>\nSlow Motion, Galerie Bernd A. Lausberg, D\u00fcsseldorf<br \/>\nINTERMEZZO. Week-end \u00e0 Paris, Galerie Obrist Contemporary, Paris<br \/>\n2013<br \/>\nMissing Colors, A | B | Contemporary Armin Berger Gallery, Z\u00fcrich*<br \/>\nSputnik II, Ey-5, Galerie Obrist, D\u00fcsseldorf*<br \/>\nSputnik I, Galerie Obrist, Essen*<br \/>\n(P)review, Zweigstelle, Berlin*<br \/>\n2012<br \/>\nRHEINFARBEN, Museum Katharinenhof, Kranenburg<br \/>\nBLUE MOON, cor galerie z\u00fcrich<br \/>\nWUNDERBAR, Galerie Lausberg, D\u00fcsseldorf<br \/>\n3DIMENSION, Galerie Linde Hollinger, Ladenburg<br \/>\nHELLOWEEN, Galerie Peithner-Lichtenfels, Wien<br \/>\nFEHLFARBEN, Galerie Walzinger, Saarlouis<br \/>\n2011<br \/>\nPOPPLANET, Galerie Obrist am Museum, Essen*<br \/>\nGalerie Linde Hollinger<br \/>\nPolychromes, Kunstverein Speyer*<br \/>\n2010<br \/>\nIn the presence of an original &#8211; Squares, Circles, Loops and Dots, Lausberg Contemporary, Toronto*<br \/>\nShort Cuts, Zweigstelle, Berlin*<br \/>\n2009<br \/>\ncrossover, winterquartier im refugium 2, Berlin<br \/>\nHyperarchiv, Kunstverein Ruhr, Essen*<br \/>\nDisplay, Kunstraum Westend, Frankfurt\/M.<br \/>\nPlaytime, Galerie Contemporaneum, Trier*<br \/>\n2008<br \/>\nOrange, Hellblau und Schwarz, KUNSTRAUMNO.10, M\u00f6nchengladbach<br \/>\nPOP, Galerie Bengelstr\u00e4ter, Iserlohn u. D\u00fcsseldorf<br \/>\nBlaue B\u00fccher und andere Farben, Kunstverein Bruchsal<br \/>\nFlammende Herzen, Galerie Bernd A. Lausberg, D\u00fcsseldorf<br \/>\nKINO, Galerie Christian Fochem, Krefeld<br \/>\n2007<br \/>\nKreise ziehen, Galerie Linde Hollinger, Ladenburg<br \/>\nBlack Circle, Galerie Garanin\/Raum3, Essen<br \/>\nHELIX I u. II, NEUES PROBLEM BERLIN<br \/>\n2006<br \/>\nIndex, Kunsthalle Bremerhaven*<br \/>\nBilder f\u00fcr VG, Galerie Vordemberge-Gildewart, Osnabr\u00fcck<br \/>\nBlack Box, Kunstverein Schwerte<br \/>\n2005<br \/>\nBlack Square, Galerie Garanin\/Raum3, Essen<br \/>\nEcken und Kanten, Galerie Christian Fochem, Krefeld<br \/>\nRom-Venedig-Hooksiel, Kunstraum Hooksiel*<br \/>\n2004<br \/>\nKrefelder H\u00e4ngung, Kunstverein Krefeld*<br \/>\nColourcube I Galerie Ortart, N\u00fcrnberg<br \/>\nColourcube II, Galerie Angelo Falzone, Mannheim<br \/>\nFettes Rot, Galerie Bernd A. Lausberg, D\u00fcsseldorf<br \/>\n2003<br \/>\nFarbarbeiten, Alte Reichsabtei &#8211; Sammlung Kunst aus Nordrhein-Westfalen, Aachen-Kornelim\u00fcnster*<br \/>\nAuf keinen Fall ein Blumenstilleben, Galerie Bernd A. Lausberg, D\u00fcsseldorf<br \/>\nNeue Farbarbeiten, Art Studio 1, Deinste<br \/>\nFarbe-Material-Raum, Galerie Brhel, Schwerin<br \/>\nAichachplateau, Kunstverein Aichach*<br \/>\nF\u00fcnfzig Farben, Kunstverein Heinsberg*<br \/>\nGaraninarchiv, Galerie Garanin, Berlin<br \/>\n2002<br \/>\nM\u00fclheimblock, Museum der Stadt M\u00fclheim*<br \/>\nMalerei, Galerie Hellebrand, Duisburg<br \/>\nJeu de couleur, Galerie januar, Bochum<br \/>\nJeu des carr\u00e9, Galerie Angelo Falzone, Mannheim<br \/>\n2001<br \/>\nDekalog, Raum3, Essen<br \/>\nRot-Gelb-Blau, Galerie S., Aachen*<br \/>\nIn Betweens, (m. Th. Deyle) Galerie Garanin, Berlin*<br \/>\nSchildern, Demmel Kunstprojekte, Osnabr\u00fcck*<br \/>\n2000<br \/>\nBarock, Galerie Christian Fochem, Krefeld<br \/>\nReminiszenzen I, Kunstverein Siegen*<br \/>\nReminiszenzen II, Kunstverein Ahlen*<br \/>\nFarbarchive, St\u00e4dt. Galerie Mainz<br \/>\nHere I am, Galerie Garanin, Berlin<br \/>\n1999<br \/>\nEin wei\u00dfer leerer Raum, Kunstverein Unna*<br \/>\nFriedberger H\u00e4ngung, Kunstverein Friedberg*<br \/>\nOsnabr\u00fccker Attit\u00fcde, Galerie Kaumk\u00f6tter und Partner, Osnabr\u00fcck<\/span><\/p>\n<p>\u00a0<br \/>\n<span lang=\"en-us\"><b>RELATED POSTS&#8230;<\/b><\/span><br \/>\n  <div class=\"related-post list\">\r\n      <div class=\"post-list \">\r\n\r\n            <div class=\"item\">\r\n                  <\/div>\r\n              <div class=\"item\">\r\n                  <\/div>\r\n              <div class=\"item\">\r\n                  <\/div>\r\n              <div class=\"item\">\r\n                  <\/div>\r\n              <div class=\"item\">\r\n                  <\/div>\r\n      \r\n  <\/div>\r\n\r\n  <script>\r\n      <\/script>\r\n  <style>\r\n    .related-post {}\r\n\r\n    .related-post .post-list {\r\n      text-align: left;\r\n          }\r\n\r\n    .related-post .post-list .item {\r\n          }\r\n\r\n    .related-post .headline {\r\n          }\r\n\r\n    @media only screen and (min-width: 1024px) {\r\n      .related-post .post-list .item {\r\n        width: ;\r\n      }\r\n    }\r\n\r\n    @media only screen and (min-width: 768px) and (max-width: 1023px) {\r\n      .related-post .post-list .item {\r\n        width: ;\r\n      }\r\n    }\r\n\r\n    @media only screen and (min-width: 0px) and (max-width: 767px) {\r\n      .related-post .post-list .item {\r\n        width: ;\r\n      }\r\n    }\r\n\r\n      <\/style>\r\n    <\/div>\r\n<\/p>\n","protected":false},"excerpt":{"rendered":"<p>WORKS EXHIBITIONS CV J\u00fcrgen Paas 1958 born in Krefeld, lives and works in Essen, Germany 1981 \u2013 87 Studies at Hochschule Essen with L\u00e1szl\u00f3 Lakner, Rudolf Vombeck and Franz Rudolf Knubel 1991 \u2013 92 Studium an der \u00c9cole Nationale Sup\u00e9rieure des Beaux-Arts, Paris 2001 Teacher for painting at the Institut f\u00fcr Kunst und ihre Didaktik &hellip; <\/p>\n<p class=\"link-more\"><a href=\"http:\/\/relaunch2024.galerie-obrist.de\/en\/artists\/zzalle-kunstler\/adler\/gosbert-adler-fotoarbeiten-2006\/\" class=\"more-link\">Read more<span class=\"screen-reader-text\"> &#8220;Gosbert Adler: Fotoarbeiten (2006)&#8221;<\/span><\/a><\/p>\n","protected":false},"author":2,"featured_media":9058,"parent":1127,"menu_order":0,"comment_status":"open","ping_status":"closed","template":"","meta":{"ngg_post_thumbnail":0,"footnotes":""},"translation":{"provider":"WPGlobus","version":"2.12.2","language":"en","enabled_languages":["de","en"],"languages":{"de":{"title":true,"content":true,"excerpt":false},"en":{"title":true,"content":true,"excerpt":false}}},"featured_media_urls":{"thumbnail":["http:\/\/relaunch2024.galerie-obrist.de\/wp-content\/uploads\/2019\/02\/03.PAAS_Mannheimer_Kunstverein\u00a9F.B.Napierala-150x150.png",150,150,true],"medium":["http:\/\/relaunch2024.galerie-obrist.de\/wp-content\/uploads\/2019\/02\/03.PAAS_Mannheimer_Kunstverein\u00a9F.B.Napierala-432x300.png",432,300,true],"medium_large":["http:\/\/relaunch2024.galerie-obrist.de\/wp-content\/uploads\/2019\/02\/03.PAAS_Mannheimer_Kunstverein\u00a9F.B.Napierala-768x534.png",768,534,true],"large":["http:\/\/relaunch2024.galerie-obrist.de\/wp-content\/uploads\/2019\/02\/03.PAAS_Mannheimer_Kunstverein\u00a9F.B.Napierala-1024x712.png",950,661,true],"1536x1536":["http:\/\/relaunch2024.galerie-obrist.de\/wp-content\/uploads\/2019\/02\/03.PAAS_Mannheimer_Kunstverein\u00a9F.B.Napierala.png",1305,907,false],"2048x2048":["http:\/\/relaunch2024.galerie-obrist.de\/wp-content\/uploads\/2019\/02\/03.PAAS_Mannheimer_Kunstverein\u00a9F.B.Napierala.png",1305,907,false],"inspiro-featured-image":["http:\/\/relaunch2024.galerie-obrist.de\/wp-content\/uploads\/2019\/02\/03.PAAS_Mannheimer_Kunstverein\u00a9F.B.Napierala.png",1305,907,false],"inspiro-loop":["http:\/\/relaunch2024.galerie-obrist.de\/wp-content\/uploads\/2019\/02\/03.PAAS_Mannheimer_Kunstverein\u00a9F.B.Napierala-950x320.png",950,320,true],"inspiro-loop@2x":["http:\/\/relaunch2024.galerie-obrist.de\/wp-content\/uploads\/2019\/02\/03.PAAS_Mannheimer_Kunstverein\u00a9F.B.Napierala-1305x640.png",1305,640,true],"woocommerce_thumbnail":["http:\/\/relaunch2024.galerie-obrist.de\/wp-content\/uploads\/2019\/02\/03.PAAS_Mannheimer_Kunstverein\u00a9F.B.Napierala-300x300.png",300,300,true],"woocommerce_single":["http:\/\/relaunch2024.galerie-obrist.de\/wp-content\/uploads\/2019\/02\/03.PAAS_Mannheimer_Kunstverein\u00a9F.B.Napierala-600x417.png",600,417,true],"woocommerce_gallery_thumbnail":["http:\/\/relaunch2024.galerie-obrist.de\/wp-content\/uploads\/2019\/02\/03.PAAS_Mannheimer_Kunstverein\u00a9F.B.Napierala-100x100.png",100,100,true],"portfolio_item-thumbnail":["http:\/\/relaunch2024.galerie-obrist.de\/wp-content\/uploads\/2019\/02\/03.PAAS_Mannheimer_Kunstverein\u00a9F.B.Napierala-600x400.png",600,400,true],"portfolio_item-thumbnail@2x":["http:\/\/relaunch2024.galerie-obrist.de\/wp-content\/uploads\/2019\/02\/03.PAAS_Mannheimer_Kunstverein\u00a9F.B.Napierala-1200x800.png",1200,800,true],"portfolio_item-masonry":["http:\/\/relaunch2024.galerie-obrist.de\/wp-content\/uploads\/2019\/02\/03.PAAS_Mannheimer_Kunstverein\u00a9F.B.Napierala-600x417.png",600,417,true],"portfolio_item-masonry@2x":["http:\/\/relaunch2024.galerie-obrist.de\/wp-content\/uploads\/2019\/02\/03.PAAS_Mannheimer_Kunstverein\u00a9F.B.Napierala-1200x834.png",1200,834,true],"portfolio_item-thumbnail_cinema":["http:\/\/relaunch2024.galerie-obrist.de\/wp-content\/uploads\/2019\/02\/03.PAAS_Mannheimer_Kunstverein\u00a9F.B.Napierala-800x335.png",800,335,true],"portfolio_item-thumbnail_portrait":["http:\/\/relaunch2024.galerie-obrist.de\/wp-content\/uploads\/2019\/02\/03.PAAS_Mannheimer_Kunstverein\u00a9F.B.Napierala-600x900.png",600,900,true],"portfolio_item-thumbnail_portrait@2x":["http:\/\/relaunch2024.galerie-obrist.de\/wp-content\/uploads\/2019\/02\/03.PAAS_Mannheimer_Kunstverein\u00a9F.B.Napierala-1200x907.png",1200,907,true],"portfolio_item-thumbnail_square":["http:\/\/relaunch2024.galerie-obrist.de\/wp-content\/uploads\/2019\/02\/03.PAAS_Mannheimer_Kunstverein\u00a9F.B.Napierala-800x800.png",800,800,true]},"_links":{"self":[{"href":"http:\/\/relaunch2024.galerie-obrist.de\/en\/wp-json\/wp\/v2\/pages\/1475"}],"collection":[{"href":"http:\/\/relaunch2024.galerie-obrist.de\/en\/wp-json\/wp\/v2\/pages"}],"about":[{"href":"http:\/\/relaunch2024.galerie-obrist.de\/en\/wp-json\/wp\/v2\/types\/page"}],"author":[{"embeddable":true,"href":"http:\/\/relaunch2024.galerie-obrist.de\/en\/wp-json\/wp\/v2\/users\/2"}],"replies":[{"embeddable":true,"href":"http:\/\/relaunch2024.galerie-obrist.de\/en\/wp-json\/wp\/v2\/comments?post=1475"}],"version-history":[{"count":46,"href":"http:\/\/relaunch2024.galerie-obrist.de\/en\/wp-json\/wp\/v2\/pages\/1475\/revisions"}],"predecessor-version":[{"id":13728,"href":"http:\/\/relaunch2024.galerie-obrist.de\/en\/wp-json\/wp\/v2\/pages\/1475\/revisions\/13728"}],"up":[{"embeddable":true,"href":"http:\/\/relaunch2024.galerie-obrist.de\/en\/wp-json\/wp\/v2\/pages\/1127"}],"wp:featuredmedia":[{"embeddable":true,"href":"http:\/\/relaunch2024.galerie-obrist.de\/en\/wp-json\/wp\/v2\/media\/9058"}],"wp:attachment":[{"href":"http:\/\/relaunch2024.galerie-obrist.de\/en\/wp-json\/wp\/v2\/media?parent=1475"}],"curies":[{"name":"wp","href":"https:\/\/api.w.org\/{rel}","templated":true}]}}