{"id":1189,"date":"2010-02-12T17:09:09","date_gmt":"2010-02-12T15:09:09","guid":{"rendered":"http:\/\/www.obrist-gingold.com\/?page_id=425"},"modified":"2018-11-08T14:27:30","modified_gmt":"2018-11-08T12:27:30","slug":"willms","status":"publish","type":"page","link":"http:\/\/relaunch2024.galerie-obrist.de\/en\/artists\/willms\/","title":{"rendered":"Julia Willms"},"content":{"rendered":"<p><span lang=\"en-us\"><b>SELECTED WORKS<\/b><\/span><br \/>\n[Not a valid template]<br \/>\n<span lang=\"en-us\"><b>EXHIBITIONS IN THE GALLERY<\/b><\/span><br \/>\n<!-- ddlsp --><\/p>\n<p><span lang=\"en-us\"><b>CV<\/b><\/span><\/p>\n<p><span lang=\"en-us\">Julia Willms<br \/>\n1974 born in Wilhelmshaven<br \/>\nLives and works at Amsterdam<\/span><\/p>\n<p><span lang=\"en-us\">Studies<\/span><br \/>\n<span lang=\"en-us\">2001- 2005 Medien\u00fcbergreifende Kunst, Universit\u00e4t f\u00fcr angewandte Kunst Wien (Diplom bei Prof. Bernhard Leitner)<br \/>\n1998- 2001 Visuelle Kommunikation, Akademie Beeldende Kunsten Maastricht<br \/>\n1995- 1998 Studium der Geographie, Politikwissenschaften, Englische Lituratur- und Sprachwissenschaften an der RWTH Aachen<\/span><\/p>\n<p><span lang=\"en-us\">Scholarships<br \/>\n2013 BASIS Stipendium, Mondriaan Fonds, The Netherlands<br \/>\n2009 START Stipendium f\u00fcr Video- und Medienkunst, BMUKK, Austria<\/span><\/p>\n<p><span lang=\"en-us\">Residencies<br \/>\n2008 PAF, France<br \/>\n2008 L\u2019animal a l\u2019esquena, Celra, Spain<br \/>\n2007\/2008 Agentur:, Amsterdam, The Netherlands<br \/>\n2006 PACT Zollverein Essen, Germany<br \/>\n2006 Dansateliers Rotterdam, The Netherlands<\/span><\/p>\n<p><span lang=\"en-us\">Soloshows<\/span><br \/>\n<span lang=\"en-us\">2013 A World, Galerie Obrist, Essen\/ EY5, D\u00fcsseldorf, Germany<br \/>\n2011 Here &#038; Now, GAM | Obrist Gingold Galerie, Essen, Germany<br \/>\n2008 das weisse haus, Vienna, Austria<br \/>\nGAM | Obrist Gingold Galerie, Essen, Germany<br \/>\nagentur, Plan B, Amsterdam, The Netherlands<\/span><\/p>\n<p><span lang=\"en-us\">Exhibitions and presentations<br \/>\n2013<br \/>\nElastic Video, Kunstraum NOE, Vienna, Austria<br \/>\n2012<br \/>\nModern Times, Eye Filminstitute, Amsterdam, The Netherlands<br \/>\nOpen Dag, De Vlugt, Amsterdam, The Netherlands<br \/>\nBig \u2013 size matters, Aarhus Festival, Aarhus, Denmark<br \/>\nJulidans, Amsterdam, The Netherlands<br \/>\nRaumaffairen, MUSA, Vienna, Austria<br \/>\n&#8220;1917&#8221;, Centre Pompidou Metz, France<br \/>\nKabinenschau, Klagenfurt, Austria<br \/>\nEMAF 2012, Osnabr\u00fcck, Germany<br \/>\nInterrarium, Banff Centre for the Arts, Banff, Canada<br \/>\nPuSh Festival, Vancouver, Canada<br \/>\nLuid Land, Kunstfort bij Vijfhuizen, The Netherlands<br \/>\n2011<br \/>\nWundert\u00fcte, GAM | Galerie Obrist, Essen, Germany<br \/>\nBlick nach draussen, Art Award of the community Rastede, Rastede, Germany<br \/>\nGenius without Talent, De Appel, Amsterdam, The Netherlands<br \/>\nEver Remote, Site Gallery, Sheffield, England<br \/>\nEver Remote, Crescent Arts, Scarborough, England<br \/>\nFacing the Artwork, Video art and short film fest, Halle (Saale), Germany<br \/>\nDance Week Festival, Zagreb, Croatia<br \/>\nNetaudio Festival, London, England<br \/>\nInfinite Nature \u2013 Artificial Scenery, FLUSS \u2013 N\u00d6 Initiative f\u00fcr Foto- und Medienkunst, Wolkersdorf, Austria<br \/>\nVirtually Real, Burton Galerie, Leeds, England<br \/>\nDP:Hell &#038; Paradiso, Odeon de Spiegel, Zwolle, The Netherlands<br \/>\nDP:Hell &#038; Paradiso, Deventer Schouwburg, Deventer, The Netherlands<br \/>\nICK Event, Frascati Theater, Amsterdam, The Netherlands<br \/>\n2010<br \/>\nVirtually Real, Blythe Galerie, London, England<br \/>\nDie Farbe Weiss, Wundert\u00fcte, GAM | Obrist Gingold Galerie, Essen, Germany<br \/>\nNow &#038; Next, Tanzhaus NRW, D\u00fcsseldorf, Germany<br \/>\nTodaysart 2010, The Hague, The Netherlands<br \/>\nFrascati Theater, Amsterdam, The Netherlands<br \/>\narcus temporum VII Festival, Panonhalma, Hungary<br \/>\nVisite-der gemischte Ort, Schmiede Erschbaum, Ausservillgraten\/Osttirol, Austria<br \/>\nBlickwechsel \u2013 \u00d6sterreichische Fotografie Heute, Schauplatz f\u00fcr Fotografie Westlicht, Vienna<br \/>\nCover Festival, Frascati Theater, Amsterdam, The Netherlands<br \/>\nITC DELTA, WTC, Rotterdam, The Netherlands<br \/>\nLange nicht gesehen, Haus der Kunst, Br\u00fcnn, Czech Republique<br \/>\n2009<br \/>\nParty in the Kitchen, ICKamsterdam, Frascati Theater\/Brakke Grond, Amsterdam<br \/>\nWundert\u00fcte, GAM | Obrist Gingold Galerie, Essen, Germany<br \/>\nImPulstanz, 8:tension, Vienna<br \/>\ni DANS Festival, garage Istanbul, Istanbul, Turkey<br \/>\nSzenario, Fotoforum, Braunau, Austria<br \/>\nSpringdance, Utrecht, The Netherlands<br \/>\nWhat you really need, MKH Wels, Wels, Austria<br \/>\n2008<br \/>\nFrascati Theater, Amsterdam, The Netherlands<br \/>\nWundert\u00fcte, GAM | Obrist Gingold Galerie, Essen, Germany<br \/>\nEDIT, Budapest, Hungary<br \/>\nVAD, Girona, Spain<br \/>\nZwischenort, Vienna<br \/>\nInvisible Cities, Toronto, Canada<br \/>\nboDig, Istanbul, Turkey<br \/>\nGasthuis Theater, Amsterdam, The Netherlands<br \/>\nPoetry Centre, University of Arizona, Arizona, USA<br \/>\nSpringdance, Utrecht, The Netherlands<br \/>\nRecent Changes \u2013 Aenderungen vorbehalten, Galerie5020, Salzburg, Austria<br \/>\nFrascati Theater, Amsterdam, The Netherlands<br \/>\nFestival Plaza+, Plaza Futura, Eindhoven, The Netherlands<br \/>\n2007<br \/>\nDe Singel, Antwerpen, Belgium<br \/>\nTanzhaus NRW, D\u00fcsseldorf, Germany<br \/>\nTrafo House, Budapest, Hungary<br \/>\nAlmost Cinema, International Film Festival, Gent, Belgium<br \/>\nIntrusion, NYC, USA<br \/>\nJulidans, Paradiso, Amsterdam, The Netherlands<br \/>\nLANGE NICHT GESEHEN, Begegnungen mit dem Museum auf Abruf, MUSA, Vienna<br \/>\nWalter Koschatzky Kunstpreis 2007, Mumok, Vienna<br \/>\nVideoDance2007, Thessaloniki \/ Athens, Greece<br \/>\nFreiraum, \u201aUMPOLEN\u2019, MQ, Vienna<br \/>\nCourtisane Festival, Gent, Belgium<br \/>\nK\u00fcnstlerhaus Mousontrum, Francfort \/ Main, Germany<br \/>\nW139\/Basement, Amsterdam, The Netherlands<br \/>\nMONTAGE, Johannesburg, Southafrica<br \/>\n2006<br \/>\ncasa del encuentro, Buenos Ayres<br \/>\nDas Dorf, Vienna<br \/>\nBreakin Walls Festival, Amsterdam, The Netherlands<br \/>\nPlateaux Festival, K\u00fcnstlerhaus Mousonturm, Francfort \/ Main<br \/>\nGAM Gallery, Essen<br \/>\nDanceweekfestival, Zekaem Theater, Zagreb, Serbia<br \/>\nEMAF 06, Osnabr\u00fcck, Germany<br \/>\nSPACEINVASION, Vienna<br \/>\nVidance, Screening von \u201apulse line&#8217; in der Tel-Aviv Cinematheque, Tel Aviv, Israel<br \/>\nDansateliers, Rotterdam<br \/>\nAtelier in PACT Zollverein, Essen<br \/>\n2005<br \/>\nAward of the Kunsthalle Wien 2005: Florian Knispel (Ausstellung gemeinsam mit Florian Knispel, Clemens Leuschner and Elisabeth Wildling),<br \/>\nproject space Kunsthalle Wien Diploma exhibition, Universit\u00e4t f\u00fcr angewandte Kunst, Vienna<br \/>\n2004<br \/>\nKGON meets K2, K2, Vienna<br \/>\n2003<br \/>\nArbeiten, Expo Seidlgasse, Vienna<br \/>\n2002<br \/>\nthe essence 2002, Universitaet fuer angewandte Kunst, Vienna<br \/>\nbackup 2002, Festival, Neue Medien im Film, Weimar, Germany<br \/>\nWahlverwandtschaften, e-basis wien, Vienna<br \/>\n2001<br \/>\nListen To The Art, STADTBUREAU_02, Vienna, Austria<\/span><\/p>\n<p>\u00a0<br \/>\n<span lang=\"en-us\"><b>RELATED POSTS&#8230;<\/b><\/span><br \/>\n  <div class=\"related-post list\">\r\n      <div class=\"post-list \">\r\n\r\n            <div class=\"item\">\r\n                  <\/div>\r\n              <div class=\"item\">\r\n                  <\/div>\r\n              <div class=\"item\">\r\n                  <\/div>\r\n              <div class=\"item\">\r\n                  <\/div>\r\n              <div class=\"item\">\r\n                  <\/div>\r\n      \r\n  <\/div>\r\n\r\n  <script>\r\n      <\/script>\r\n  <style>\r\n    .related-post {}\r\n\r\n    .related-post .post-list {\r\n      text-align: left;\r\n          }\r\n\r\n    .related-post .post-list .item {\r\n          }\r\n\r\n    .related-post .headline {\r\n          }\r\n\r\n    @media only screen and (min-width: 1024px) {\r\n      .related-post .post-list .item {\r\n        width: ;\r\n      }\r\n    }\r\n\r\n    @media only screen and (min-width: 768px) and (max-width: 1023px) {\r\n      .related-post .post-list .item {\r\n        width: ;\r\n      }\r\n    }\r\n\r\n    @media only screen and (min-width: 0px) and (max-width: 767px) {\r\n      .related-post .post-list .item {\r\n        width: ;\r\n      }\r\n    }\r\n\r\n      <\/style>\r\n    <\/div>\r\n<\/p>\n","protected":false},"excerpt":{"rendered":"<p>SELECTED WORKS EXHIBITIONS IN THE GALLERY CV Julia Willms 1974 born in Wilhelmshaven Lives and works at Amsterdam Studies 2001- 2005 Medien\u00fcbergreifende Kunst, Universit\u00e4t f\u00fcr angewandte Kunst Wien (Diplom bei Prof. Bernhard Leitner) 1998- 2001 Visuelle Kommunikation, Akademie Beeldende Kunsten Maastricht 1995- 1998 Studium der Geographie, Politikwissenschaften, Englische Lituratur- und Sprachwissenschaften an der RWTH Aachen &hellip; <\/p>\n<p class=\"link-more\"><a href=\"http:\/\/relaunch2024.galerie-obrist.de\/en\/artists\/zzalle-kunstler\/adler\/gosbert-adler-fotoarbeiten-2006\/\" class=\"more-link\">Read more<span class=\"screen-reader-text\"> &#8220;Gosbert Adler: Fotoarbeiten (2006)&#8221;<\/span><\/a><\/p>\n","protected":false},"author":2,"featured_media":5224,"parent":1127,"menu_order":0,"comment_status":"open","ping_status":"closed","template":"","meta":{"ngg_post_thumbnail":0,"footnotes":""},"translation":{"provider":"WPGlobus","version":"2.12.2","language":"en","enabled_languages":["de","en"],"languages":{"de":{"title":true,"content":true,"excerpt":false},"en":{"title":true,"content":true,"excerpt":false}}},"featured_media_urls":{"thumbnail":["http:\/\/relaunch2024.galerie-obrist.de\/wp-content\/uploads\/2010\/02\/InstallationPR-150x150.jpg",150,150,true],"medium":["http:\/\/relaunch2024.galerie-obrist.de\/wp-content\/uploads\/2010\/02\/InstallationPR-450x300.jpg",450,300,true],"medium_large":["http:\/\/relaunch2024.galerie-obrist.de\/wp-content\/uploads\/2010\/02\/InstallationPR-768x512.jpg",768,512,true],"large":["http:\/\/relaunch2024.galerie-obrist.de\/wp-content\/uploads\/2010\/02\/InstallationPR-1024x682.jpg",950,633,true],"1536x1536":["http:\/\/relaunch2024.galerie-obrist.de\/wp-content\/uploads\/2010\/02\/InstallationPR-1536x1024.jpg",1536,1024,true],"2048x2048":["http:\/\/relaunch2024.galerie-obrist.de\/wp-content\/uploads\/2010\/02\/InstallationPR.jpg",1772,1181,false],"inspiro-featured-image":["http:\/\/relaunch2024.galerie-obrist.de\/wp-content\/uploads\/2010\/02\/InstallationPR.jpg",1772,1181,false],"inspiro-loop":["http:\/\/relaunch2024.galerie-obrist.de\/wp-content\/uploads\/2010\/02\/InstallationPR-950x320.jpg",950,320,true],"inspiro-loop@2x":["http:\/\/relaunch2024.galerie-obrist.de\/wp-content\/uploads\/2010\/02\/InstallationPR-1772x640.jpg",1772,640,true],"woocommerce_thumbnail":["http:\/\/relaunch2024.galerie-obrist.de\/wp-content\/uploads\/2010\/02\/InstallationPR-300x300.jpg",300,300,true],"woocommerce_single":["http:\/\/relaunch2024.galerie-obrist.de\/wp-content\/uploads\/2010\/02\/InstallationPR-600x400.jpg",600,400,true],"woocommerce_gallery_thumbnail":["http:\/\/relaunch2024.galerie-obrist.de\/wp-content\/uploads\/2010\/02\/InstallationPR-100x100.jpg",100,100,true],"portfolio_item-thumbnail":["http:\/\/relaunch2024.galerie-obrist.de\/wp-content\/uploads\/2010\/02\/InstallationPR-600x400.jpg",600,400,true],"portfolio_item-thumbnail@2x":["http:\/\/relaunch2024.galerie-obrist.de\/wp-content\/uploads\/2010\/02\/InstallationPR-1200x800.jpg",1200,800,true],"portfolio_item-masonry":["http:\/\/relaunch2024.galerie-obrist.de\/wp-content\/uploads\/2010\/02\/InstallationPR-600x400.jpg",600,400,true],"portfolio_item-masonry@2x":["http:\/\/relaunch2024.galerie-obrist.de\/wp-content\/uploads\/2010\/02\/InstallationPR-1200x800.jpg",1200,800,true],"portfolio_item-thumbnail_cinema":["http:\/\/relaunch2024.galerie-obrist.de\/wp-content\/uploads\/2010\/02\/InstallationPR-800x335.jpg",800,335,true],"portfolio_item-thumbnail_portrait":["http:\/\/relaunch2024.galerie-obrist.de\/wp-content\/uploads\/2010\/02\/InstallationPR-600x900.jpg",600,900,true],"portfolio_item-thumbnail_portrait@2x":["http:\/\/relaunch2024.galerie-obrist.de\/wp-content\/uploads\/2010\/02\/InstallationPR-1200x1181.jpg",1200,1181,true],"portfolio_item-thumbnail_square":["http:\/\/relaunch2024.galerie-obrist.de\/wp-content\/uploads\/2010\/02\/InstallationPR-800x800.jpg",800,800,true]},"_links":{"self":[{"href":"http:\/\/relaunch2024.galerie-obrist.de\/en\/wp-json\/wp\/v2\/pages\/1189"}],"collection":[{"href":"http:\/\/relaunch2024.galerie-obrist.de\/en\/wp-json\/wp\/v2\/pages"}],"about":[{"href":"http:\/\/relaunch2024.galerie-obrist.de\/en\/wp-json\/wp\/v2\/types\/page"}],"author":[{"embeddable":true,"href":"http:\/\/relaunch2024.galerie-obrist.de\/en\/wp-json\/wp\/v2\/users\/2"}],"replies":[{"embeddable":true,"href":"http:\/\/relaunch2024.galerie-obrist.de\/en\/wp-json\/wp\/v2\/comments?post=1189"}],"version-history":[{"count":25,"href":"http:\/\/relaunch2024.galerie-obrist.de\/en\/wp-json\/wp\/v2\/pages\/1189\/revisions"}],"predecessor-version":[{"id":8284,"href":"http:\/\/relaunch2024.galerie-obrist.de\/en\/wp-json\/wp\/v2\/pages\/1189\/revisions\/8284"}],"up":[{"embeddable":true,"href":"http:\/\/relaunch2024.galerie-obrist.de\/en\/wp-json\/wp\/v2\/pages\/1127"}],"wp:featuredmedia":[{"embeddable":true,"href":"http:\/\/relaunch2024.galerie-obrist.de\/en\/wp-json\/wp\/v2\/media\/5224"}],"wp:attachment":[{"href":"http:\/\/relaunch2024.galerie-obrist.de\/en\/wp-json\/wp\/v2\/media?parent=1189"}],"curies":[{"name":"wp","href":"https:\/\/api.w.org\/{rel}","templated":true}]}}